{"id":3675,"date":"2024-06-13T14:20:30","date_gmt":"2024-06-13T17:20:30","guid":{"rendered":"https:\/\/minders.io\/event\/destaques-amplitour-em-espanhol\/"},"modified":"2024-06-13T14:20:30","modified_gmt":"2024-06-13T17:20:30","slug":"destaques-amplitour-em-espanhol","status":"publish","type":"event","link":"https:\/\/minders.io\/pt-br\/event\/destaques-amplitour-em-espanhol\/","title":{"rendered":"Destaques: AmpliTour em espanhol"},"content":{"rendered":"<p>No \u00faltimo dia 6 de outubro, realizamos o primeiro AmpliTour em espanhol para a Am\u00e9rica Latina. Um workshop interativo e totalmente gratuito para voc\u00ea que est\u00e1 iniciando sua jornada no mundo do crescimento liderado por produtos e da an\u00e1lise de produtos. Enfocado justamente nesse crescimento liderado por produtos e no uso da <a href=\"https:\/\/amplitude.com\/\" target=\"_blank\" rel=\"noopener\">Amplitude<\/a>, no AmpliTour utilizamos o exemplo de um aplicativo de streaming de m\u00fasica para realizar diferentes an\u00e1lises com um \u00fanico fio condutor e uma miss\u00e3o em mente. Qual \u00e9 o objetivo? Analisar dentro de um aplicativo, como lograr que os usu\u00e1rios novos compreendam uma m\u00fasica ou v\u00eddeo.    <\/p>\n<h3><strong>Objetivo do AmpliTour<\/strong><\/h3>\n<p>Desde o in\u00edcio, os objetivos do evento ficaram claros:<\/p>\n<figure class=\"w-richtext-figure-type- \" data-rt-type=\"\" data-rt-align=\"\">\n<div><img decoding=\"async\" src=\"https:\/\/minders.io\/wp-content\/uploads\/2025\/03\/61ef0284024172277b5143ba_Captura-de-Pantalla-2021-10-14-a-las-14.09.59-1024x459-1.png\" alt=\"Objetivos do AmpliTour em espanhol\" width=\"auto\" height=\"auto\"><\/div>\n<\/figure>\n<p>Utilizando os dados coletados para o falso aplicativo de streaming de m\u00fasica, Amplitunes, pretendemos mostrar que tipo de descobertas voc\u00ea pode fazer ao contar com uma mentalidade voltada para o produto e um recurso como o Amplitude.<\/p>\n<p>Pedimos aos participantes que pretendessem ser gerentes de produtos da Amplitunes e que imaginassem que todos fizessem parte da mesma equipe. A miss\u00e3o de nossa equipe era: <strong>Como podemos fazer com que mais novos usu\u00e1rios do Amplitunes comprem uma m\u00fasica ou v\u00eddeo?<\/strong> Assim, mostramos an\u00e1lises e realizamos perguntas que os participantes deveriam responder de forma ativa e em conjunto. Um verdadeiro workshop interativo no qual surgiram opini\u00f5es e hip\u00f3teses diferentes.  <\/p>\n<h3><strong>Tipo de an\u00e1lise realizada<\/strong><\/h3>\n<p>O workshop foi dividido em tr\u00eas tarefas:<\/p>\n<ol>\n<li><strong>Explorar a jornada do cliente<\/strong> (fazemos an\u00e1lises usando os gr\u00e1ficos de<a href=\"https:\/\/help.amplitude.com\/hc\/en-us\/articles\/360033852251-The-Event-Segmentation-chart-an-overview\" target=\"_blank\" rel=\"noopener\"> segmenta\u00e7\u00e3o de eventos<\/a> e<a href=\"https:\/\/help.amplitude.com\/hc\/en-us\/articles\/360039976531-The-Funnel-Analysis-chart-an-overview\" target=\"_blank\" rel=\"noopener\"> an\u00e1lise de funil<\/a>)<\/li>\n<li><strong>Encontrar os drivers de convers\u00e3o<\/strong> (analisamos os<a href=\"https:\/\/help.amplitude.com\/hc\/en-us\/articles\/360039976551-Funnels-analysis-Conversion-drivers\" target=\"_blank\" rel=\"noopener\"> drivers de convers\u00e3o<\/a> a partir do nosso funil)<\/li>\n<li><strong>Analisar a reten\u00e7\u00e3o<\/strong> (testamos nossas hip\u00f3teses com um gr\u00e1fico de<a href=\"https:\/\/help.amplitude.com\/hc\/en-us\/articles\/230543327-The-Retention-Analysis-chart-an-overview\" target=\"_blank\" rel=\"noopener\"> An\u00e1lise de Reten\u00e7\u00e3o<\/a>)<\/li>\n<\/ol>\n<p>Como voc\u00ea pode ver, todas essas tarefas exigiam a cria\u00e7\u00e3o de um ou mais gr\u00e1ficos para poderem ser conclu\u00eddas. E sempre estiveram relacionadas entre si. <\/p>\n<h3><strong>Coment\u00e1rios<\/strong><\/h3>\n<p>Acreditamos que a melhor publicidade \u00e9 o testemunho das pessoas que participaram do evento. Por isso, aqui est\u00e3o alguns coment\u00e1rios an\u00f4nimos que voc\u00ea recebeu depois de finalizar o evento. <\/p>\n<p><strong><em>&#8211; \u201cExcelente trabalho, me ajudou muito a entender mais sobre a plataforma e que tipo de an\u00e1lise voc\u00ea pode fazer para complementar alguns projetos\u201d<\/em><\/strong><\/p>\n<p><strong><em>&#8211; \u201cGostei muito. Com um objetivo muito preciso e perfeito para dar uma ideia de como voc\u00ea pode come\u00e7ar a usar a amplitude para nutrir a tomada de decis\u00f5es\u201d<\/em><\/strong><\/p>\n<p><em>&#8211;<\/em><strong><em>\u201cFoi uma primeira aproxima\u00e7\u00e3o muito boa com o instrumento.\u201d<\/em><\/strong><\/p>\n<p><strong><em>&#8211; \u201cMuito bom o workshop. Muito bem explicado e organizado.\u201d<\/em><\/strong><\/p>\n<p><strong><em>&#8211; \u201cPara os novatos que pretendem aprender com esse recurso, a informa\u00e7\u00e3o de hoje d\u00e1 muitas ideias sobre como aplic\u00e1-lo ao que usamos atualmente. \u00c9 muito bom seguir esses webinars\u201d<\/em><\/strong><\/p>\n<h3><strong>Captura<\/strong> <strong>do AmpliTour em espanhol<\/strong><\/h3>\n<p>Agora, com esta breve introdu\u00e7\u00e3o ao evento, convidamos voc\u00ea a ver a grava\u00e7\u00e3o e entender exatamente do que estamos falando.<\/p>\n<p>Voc\u00ea pode dar o primeiro passo para se transformar em uma estrela dos dados! Voc\u00ea aprender\u00e1 a descobrir a\u00e7\u00f5es populares entre os usu\u00e1rios e a construir um funil e analisar a queda entre essas a\u00e7\u00f5es. A encontrar os comportamentos que impulsionam a convers\u00e3o e a realizar an\u00e1lises para ver quais desses comportamentos conduzem a uma convers\u00e3o em longo prazo.  <\/p>\n<p>H\u00e1 coisas que voc\u00ea n\u00e3o tem a oportunidade de aprender todos os dias, n\u00e3o perca esta oportunidade.<\/p>\n<p><a href=\"https:\/\/zoom.us\/rec\/share\/Ap_HdchNR3YV2jop3rm5-1xvKkNwAT_CfsnwF_i6OSZMtsUfDm5XUqBZrqklf9Il._VmTpZeqdQY8Wyk_?startTime=1633557452000\" target=\"_blank\" rel=\"noopener\">Veja a grava\u00e7\u00e3o completa aqui<\/a><\/p>\n<p>\u200d<\/p>\n","protected":false},"featured_media":2625,"template":"","meta":{"_acf_changed":false,"_et_pb_use_builder":"","_et_pb_old_content":"","_et_gb_content_width":"","content-type":"","inline_featured_image":false},"state":[],"class_list":["post-3675","event","type-event","status-publish","has-post-thumbnail","hentry"],"acf":[],"yoast_head":"<!-- This site is optimized with the Yoast SEO Premium plugin v27.4 (Yoast SEO v27.5) - https:\/\/yoast.com\/product\/yoast-seo-premium-wordpress\/ -->\n<title>Destaques: AmpliTour em espanhol - Minders<\/title>\n<meta name=\"robots\" content=\"index, follow, max-snippet:-1, max-image-preview:large, max-video-preview:-1\" \/>\n<link rel=\"canonical\" href=\"https:\/\/minders.io\/event\/destaques-amplitour-em-espanhol\/\" \/>\n<meta property=\"og:locale\" content=\"pt_BR\" \/>\n<meta property=\"og:type\" content=\"article\" \/>\n<meta property=\"og:title\" content=\"Destaques: AmpliTour em espanhol\" \/>\n<meta property=\"og:description\" content=\"No \u00faltimo dia 6 de outubro, realizamos o primeiro AmpliTour em espanhol para a Am\u00e9rica Latina. Um workshop interativo e totalmente gratuito para voc\u00ea que est\u00e1 iniciando sua jornada no mundo do crescimento liderado por produtos e da an\u00e1lise de produtos. Enfocado justamente nesse crescimento liderado por produtos e no uso da Amplitude, no AmpliTour [&hellip;]\" \/>\n<meta property=\"og:url\" content=\"https:\/\/minders.io\/event\/destaques-amplitour-em-espanhol\/\" \/>\n<meta property=\"og:site_name\" content=\"Minders\" \/>\n<meta property=\"og:image\" content=\"https:\/\/minders.io\/wp-content\/uploads\/2025\/03\/61ef0284024172277b5143ba_Captura-de-Pantalla-2021-10-14-a-las-14.09.59-1024x459-1.png\" \/>\n<meta name=\"twitter:card\" content=\"summary_large_image\" \/>\n<meta name=\"twitter:label1\" content=\"Est. tempo de leitura\" \/>\n\t<meta name=\"twitter:data1\" content=\"3 minutos\" \/>\n<script type=\"application\/ld+json\" class=\"yoast-schema-graph\">{\"@context\":\"https:\\\/\\\/schema.org\",\"@graph\":[{\"@type\":\"WebPage\",\"@id\":\"https:\\\/\\\/minders.io\\\/event\\\/destaques-amplitour-em-espanhol\\\/\",\"url\":\"https:\\\/\\\/minders.io\\\/event\\\/destaques-amplitour-em-espanhol\\\/\",\"name\":\"Destaques: AmpliTour em espanhol - Minders\",\"isPartOf\":{\"@id\":\"https:\\\/\\\/minders.io\\\/#website\"},\"primaryImageOfPage\":{\"@id\":\"https:\\\/\\\/minders.io\\\/event\\\/destaques-amplitour-em-espanhol\\\/#primaryimage\"},\"image\":{\"@id\":\"https:\\\/\\\/minders.io\\\/event\\\/destaques-amplitour-em-espanhol\\\/#primaryimage\"},\"thumbnailUrl\":\"https:\\\/\\\/minders.io\\\/wp-content\\\/uploads\\\/2025\\\/03\\\/61fd1876f24a8b0bcd179771_AMPLITOUR-ES-1.png\",\"datePublished\":\"2024-06-13T17:20:30+00:00\",\"breadcrumb\":{\"@id\":\"https:\\\/\\\/minders.io\\\/event\\\/destaques-amplitour-em-espanhol\\\/#breadcrumb\"},\"inLanguage\":\"pt-BR\",\"potentialAction\":[{\"@type\":\"ReadAction\",\"target\":[\"https:\\\/\\\/minders.io\\\/event\\\/destaques-amplitour-em-espanhol\\\/\"]}]},{\"@type\":\"ImageObject\",\"inLanguage\":\"pt-BR\",\"@id\":\"https:\\\/\\\/minders.io\\\/event\\\/destaques-amplitour-em-espanhol\\\/#primaryimage\",\"url\":\"https:\\\/\\\/minders.io\\\/wp-content\\\/uploads\\\/2025\\\/03\\\/61fd1876f24a8b0bcd179771_AMPLITOUR-ES-1.png\",\"contentUrl\":\"https:\\\/\\\/minders.io\\\/wp-content\\\/uploads\\\/2025\\\/03\\\/61fd1876f24a8b0bcd179771_AMPLITOUR-ES-1.png\",\"width\":2240,\"height\":1260},{\"@type\":\"BreadcrumbList\",\"@id\":\"https:\\\/\\\/minders.io\\\/event\\\/destaques-amplitour-em-espanhol\\\/#breadcrumb\",\"itemListElement\":[{\"@type\":\"ListItem\",\"position\":1,\"name\":\"Portada\",\"item\":\"https:\\\/\\\/minders.io\\\/\"},{\"@type\":\"ListItem\",\"position\":2,\"name\":\"Privado: Destaques: AmpliTour em espanhol\"}]},{\"@type\":\"WebSite\",\"@id\":\"https:\\\/\\\/minders.io\\\/#website\",\"url\":\"https:\\\/\\\/minders.io\\\/\",\"name\":\"Minders\",\"description\":\"\",\"potentialAction\":[{\"@type\":\"SearchAction\",\"target\":{\"@type\":\"EntryPoint\",\"urlTemplate\":\"https:\\\/\\\/minders.io\\\/?s={search_term_string}\"},\"query-input\":{\"@type\":\"PropertyValueSpecification\",\"valueRequired\":true,\"valueName\":\"search_term_string\"}}],\"inLanguage\":\"pt-BR\"}]}<\/script>\n<!-- \/ Yoast SEO Premium plugin. -->","yoast_head_json":{"title":"Destaques: AmpliTour em espanhol - Minders","robots":{"index":"index","follow":"follow","max-snippet":"max-snippet:-1","max-image-preview":"max-image-preview:large","max-video-preview":"max-video-preview:-1"},"canonical":"https:\/\/minders.io\/event\/destaques-amplitour-em-espanhol\/","og_locale":"pt_BR","og_type":"article","og_title":"Destaques: AmpliTour em espanhol","og_description":"No \u00faltimo dia 6 de outubro, realizamos o primeiro AmpliTour em espanhol para a Am\u00e9rica Latina. Um workshop interativo e totalmente gratuito para voc\u00ea que est\u00e1 iniciando sua jornada no mundo do crescimento liderado por produtos e da an\u00e1lise de produtos. Enfocado justamente nesse crescimento liderado por produtos e no uso da Amplitude, no AmpliTour [&hellip;]","og_url":"https:\/\/minders.io\/event\/destaques-amplitour-em-espanhol\/","og_site_name":"Minders","og_image":[{"url":"https:\/\/minders.io\/wp-content\/uploads\/2025\/03\/61ef0284024172277b5143ba_Captura-de-Pantalla-2021-10-14-a-las-14.09.59-1024x459-1.png","type":"","width":"","height":""}],"twitter_card":"summary_large_image","twitter_misc":{"Est. tempo de leitura":"3 minutos"},"schema":{"@context":"https:\/\/schema.org","@graph":[{"@type":"WebPage","@id":"https:\/\/minders.io\/event\/destaques-amplitour-em-espanhol\/","url":"https:\/\/minders.io\/event\/destaques-amplitour-em-espanhol\/","name":"Destaques: AmpliTour em espanhol - Minders","isPartOf":{"@id":"https:\/\/minders.io\/#website"},"primaryImageOfPage":{"@id":"https:\/\/minders.io\/event\/destaques-amplitour-em-espanhol\/#primaryimage"},"image":{"@id":"https:\/\/minders.io\/event\/destaques-amplitour-em-espanhol\/#primaryimage"},"thumbnailUrl":"https:\/\/minders.io\/wp-content\/uploads\/2025\/03\/61fd1876f24a8b0bcd179771_AMPLITOUR-ES-1.png","datePublished":"2024-06-13T17:20:30+00:00","breadcrumb":{"@id":"https:\/\/minders.io\/event\/destaques-amplitour-em-espanhol\/#breadcrumb"},"inLanguage":"pt-BR","potentialAction":[{"@type":"ReadAction","target":["https:\/\/minders.io\/event\/destaques-amplitour-em-espanhol\/"]}]},{"@type":"ImageObject","inLanguage":"pt-BR","@id":"https:\/\/minders.io\/event\/destaques-amplitour-em-espanhol\/#primaryimage","url":"https:\/\/minders.io\/wp-content\/uploads\/2025\/03\/61fd1876f24a8b0bcd179771_AMPLITOUR-ES-1.png","contentUrl":"https:\/\/minders.io\/wp-content\/uploads\/2025\/03\/61fd1876f24a8b0bcd179771_AMPLITOUR-ES-1.png","width":2240,"height":1260},{"@type":"BreadcrumbList","@id":"https:\/\/minders.io\/event\/destaques-amplitour-em-espanhol\/#breadcrumb","itemListElement":[{"@type":"ListItem","position":1,"name":"Portada","item":"https:\/\/minders.io\/"},{"@type":"ListItem","position":2,"name":"Privado: Destaques: AmpliTour em espanhol"}]},{"@type":"WebSite","@id":"https:\/\/minders.io\/#website","url":"https:\/\/minders.io\/","name":"Minders","description":"","potentialAction":[{"@type":"SearchAction","target":{"@type":"EntryPoint","urlTemplate":"https:\/\/minders.io\/?s={search_term_string}"},"query-input":{"@type":"PropertyValueSpecification","valueRequired":true,"valueName":"search_term_string"}}],"inLanguage":"pt-BR"}]}},"_links":{"self":[{"href":"https:\/\/minders.io\/pt-br\/wp-json\/wp\/v2\/event\/3675","targetHints":{"allow":["GET"]}}],"collection":[{"href":"https:\/\/minders.io\/pt-br\/wp-json\/wp\/v2\/event"}],"about":[{"href":"https:\/\/minders.io\/pt-br\/wp-json\/wp\/v2\/types\/event"}],"wp:featuredmedia":[{"embeddable":true,"href":"https:\/\/minders.io\/pt-br\/wp-json\/wp\/v2\/media\/2625"}],"wp:attachment":[{"href":"https:\/\/minders.io\/pt-br\/wp-json\/wp\/v2\/media?parent=3675"}],"wp:term":[{"taxonomy":"state","embeddable":true,"href":"https:\/\/minders.io\/pt-br\/wp-json\/wp\/v2\/state?post=3675"}],"curies":[{"name":"wp","href":"https:\/\/api.w.org\/{rel}","templated":true}]}}