{"id":3683,"date":"2024-06-13T14:20:30","date_gmt":"2024-06-13T17:20:30","guid":{"rendered":"https:\/\/minders.io\/event\/destaques-amplitour-pt-3-en-espanol\/"},"modified":"2024-06-13T14:20:30","modified_gmt":"2024-06-13T17:20:30","slug":"destaques-amplitour-pt-3-en-espanol","status":"publish","type":"event","link":"https:\/\/minders.io\/pt-br\/event\/destaques-amplitour-pt-3-en-espanol\/","title":{"rendered":"Destaques AmpliTour PT. 3 en espa\u00f1ol"},"content":{"rendered":"<p>Em 9 de dezembro, realizamos a terceira e \u00faltima entrega do AmpliTour, a s\u00e9rie de workshops interativos sobre crescimento orientado por produtos e Amplitude.<\/p>\n<p>&nbsp;<\/p>\n<p>Caso voc\u00ea n\u00e3o tenha podido participar, apresentamos os destaques do <a href=\"https:\/\/www.productminds.io\/blog-post\/highlights-amplitour-en-espanol\">AmpliTour 1<\/a> e do <a href=\"https:\/\/www.productminds.io\/blog-post\/highlights-amplitour-pt-2-en-espanol\">AmpliTour 2 <\/a>para que voc\u00ea veja o conte\u00fado e as grava\u00e7\u00f5es dos webinars.<\/p>\n<p>&nbsp;<\/p>\n<p>Nesta edi\u00e7\u00e3o, continuamos com a an\u00e1lise de dados do aplicativo fict\u00edcio Amplitunes, concentrando-nos nas an\u00e1lises e m\u00e9tricas que nos ajudaram a melhorar nossa estrat\u00e9gia de reten\u00e7\u00e3o de usu\u00e1rios.<\/p>\n<p>&nbsp;<\/p>\n<h1>Objetivo do AmpliTour 3<\/h1>\n<p>Nas edi\u00e7\u00f5es anteriores, aprendemos sobre o crescimento orientado por produtos e o impacto que a ado\u00e7\u00e3o de uma mentalidade desse tipo pode ter sobre o seu produto, sobre o engajamento de conversas e alguns dos momentos decisivos na jornada de nossos usu\u00e1rios e, o mais importante, como aplicar os insights descobertos ao nosso produto. Por fim, nesta \u00faltima sess\u00e3o da AmpliTour, o foco foi colocado em outro elemento essencial para o crescimento liderado pelo produto: a reten\u00e7\u00e3o. <\/p>\n<p>&nbsp;<\/p>\n<figure class=\"w-richtext-figure-type-image w-richtext-align-center\" data-rt-type=\"image\" data-rt-align=\"center\">\n<div><img decoding=\"async\" src=\"https:\/\/minders.io\/wp-content\/uploads\/2025\/03\/620180f9471c654aa2ec2b34_Tuxeca91ubnqR-LGgNSBgEvLrdvqroODgfx1b7IZ04s5oJGVa-UVWKunO7PeG8rcDo_T6JHdwHiZ0BoxmP46Ux8i_irVthoUNibpok9X0zkxeWlp6O2mfwpYTiHfmmRogbc83Qs.jpeg\" width=\"auto\" height=\"auto\"><\/div>\n<\/figure>\n<p>&nbsp;<\/p>\n<h1>Como conseguimos atingir esse objetivo?<\/h1>\n<p>Voc\u00ea nos ajudar\u00e1 em tr\u00eas tarefas principais:<\/p>\n<p>&nbsp;<\/p>\n<ol>\n<li>Explore a curva de reten\u00e7\u00e3o por meio dos gr\u00e1ficos gerados em Amplitude e determine qual \u00e9 o intervalo de uso dos usu\u00e1rios.<\/li>\n<li>Utilize a estrutura do ciclo de vida para determinar estrat\u00e9gias para manter os usu\u00e1rios no ciclo de engajamento.<\/li>\n<li>Analisar os grupos de usu\u00e1rios e sua reten\u00e7\u00e3o.<\/li>\n<\/ol>\n<p>&nbsp;<\/p>\n<p>Tudo isso, \u00e9 claro, por meio dos recursos que voc\u00ea pode usar com o Amplitude.<\/p>\n<h1>Feedback do evento<\/h1>\n<p>Os participantes do AmpliTour que j\u00e1 come\u00e7aram a ser mais orientados para o produto t\u00eam muito a dizer! Este foi o feedback que recebemos ap\u00f3s esta \u00faltima edi\u00e7\u00e3o: <\/p>\n<p>&nbsp;<\/p>\n<p><strong>&#8211; \u201cGosto que voc\u00ea acompanhe a explica\u00e7\u00e3o do manual com um processo e o exemplo do business insight. O sw \u00e9 muito simples, j\u00e1 trabalhei com tableau e mysql em tabelas muito completas, e aqui voc\u00ea v\u00ea que \u00e9 poss\u00edvel configurar a partir das vistas.\u201d<\/strong><\/p>\n<p>&nbsp;<\/p>\n<p><strong>&#8211; \u201cSeria interessante voc\u00ea tomar o caso de alguns dos que hoje usam a ferramenta (os quais s\u00e3o poucos especialistas, n\u00e3o muito) e tratar entre todos de dar ideias de como analisar\u201d x \u201csitua\u00e7\u00e3o.\u201d<\/strong><\/p>\n<p>&nbsp;<\/p>\n<p><strong>&#8211; \u201cEu gostei muito e gostaria de continuar explorando mais a ferramenta.\u201d<\/strong><\/p>\n<h1>Se voc\u00ea estiver interessado em ver o webinar completo, acesse a grava\u00e7\u00e3o<\/h1>\n<p>Se voc\u00ea n\u00e3o p\u00f4de participar ou simplesmente quer voltar a repassar tudo o que vimos, pode acessar a grava\u00e7\u00e3o do webinar <a href=\"https:\/\/zoom.us\/rec\/share\/6XiOE4DAkC15VR7wtRDPaxV0trQnHUYojxlKz7i8fm-ft4bp4e0neorFT6lXvOw3.oq2oElhJAaJtfDpa?startTime=1639087187000\">aqui<\/a>.<\/p>\n<p>&nbsp;<\/p>\n<p>E se voc\u00ea tiver mais d\u00favidas, escreva-nos ou <a href=\"https:\/\/meetings.hubspot.com\/matias47\">agende uma visita<\/a>.<\/p>\n<p>&nbsp;<\/p>\n","protected":false},"featured_media":2633,"template":"","meta":{"_acf_changed":false,"_et_pb_use_builder":"","_et_pb_old_content":"","_et_gb_content_width":"","content-type":"","inline_featured_image":false},"state":[],"class_list":["post-3683","event","type-event","status-publish","has-post-thumbnail","hentry"],"acf":[],"yoast_head":"<!-- This site is optimized with the Yoast SEO Premium plugin v27.4 (Yoast SEO v27.5) - https:\/\/yoast.com\/product\/yoast-seo-premium-wordpress\/ -->\n<title>Destaques AmpliTour PT. 3 en espa\u00f1ol - Minders<\/title>\n<meta name=\"robots\" content=\"index, follow, max-snippet:-1, max-image-preview:large, max-video-preview:-1\" \/>\n<link rel=\"canonical\" href=\"https:\/\/minders.io\/event\/destaques-amplitour-pt-3-en-espanol\/\" \/>\n<meta property=\"og:locale\" content=\"pt_BR\" \/>\n<meta property=\"og:type\" content=\"article\" \/>\n<meta property=\"og:title\" content=\"Destaques AmpliTour PT. 3 en espa\u00f1ol\" \/>\n<meta property=\"og:description\" content=\"Em 9 de dezembro, realizamos a terceira e \u00faltima entrega do AmpliTour, a s\u00e9rie de workshops interativos sobre crescimento orientado por produtos e Amplitude. &nbsp; Caso voc\u00ea n\u00e3o tenha podido participar, apresentamos os destaques do AmpliTour 1 e do AmpliTour 2 para que voc\u00ea veja o conte\u00fado e as grava\u00e7\u00f5es dos webinars. &nbsp; Nesta edi\u00e7\u00e3o, [&hellip;]\" \/>\n<meta property=\"og:url\" content=\"https:\/\/minders.io\/event\/destaques-amplitour-pt-3-en-espanol\/\" \/>\n<meta property=\"og:site_name\" content=\"Minders\" \/>\n<meta property=\"og:image\" content=\"https:\/\/minders.io\/wp-content\/uploads\/2025\/03\/620180f9471c654aa2ec2b34_Tuxeca91ubnqR-LGgNSBgEvLrdvqroODgfx1b7IZ04s5oJGVa-UVWKunO7PeG8rcDo_T6JHdwHiZ0BoxmP46Ux8i_irVthoUNibpok9X0zkxeWlp6O2mfwpYTiHfmmRogbc83Qs.jpeg\" \/>\n<meta name=\"twitter:card\" content=\"summary_large_image\" \/>\n<meta name=\"twitter:label1\" content=\"Est. tempo de leitura\" \/>\n\t<meta name=\"twitter:data1\" content=\"2 minutos\" \/>\n<script type=\"application\/ld+json\" class=\"yoast-schema-graph\">{\"@context\":\"https:\\\/\\\/schema.org\",\"@graph\":[{\"@type\":\"WebPage\",\"@id\":\"https:\\\/\\\/minders.io\\\/event\\\/destaques-amplitour-pt-3-en-espanol\\\/\",\"url\":\"https:\\\/\\\/minders.io\\\/event\\\/destaques-amplitour-pt-3-en-espanol\\\/\",\"name\":\"Destaques AmpliTour PT. 3 en espa\u00f1ol - Minders\",\"isPartOf\":{\"@id\":\"https:\\\/\\\/minders.io\\\/#website\"},\"primaryImageOfPage\":{\"@id\":\"https:\\\/\\\/minders.io\\\/event\\\/destaques-amplitour-pt-3-en-espanol\\\/#primaryimage\"},\"image\":{\"@id\":\"https:\\\/\\\/minders.io\\\/event\\\/destaques-amplitour-pt-3-en-espanol\\\/#primaryimage\"},\"thumbnailUrl\":\"https:\\\/\\\/minders.io\\\/wp-content\\\/uploads\\\/2025\\\/03\\\/6201812e318e6194f815eda5_AmpliTour-3-ESP.png\",\"datePublished\":\"2024-06-13T17:20:30+00:00\",\"breadcrumb\":{\"@id\":\"https:\\\/\\\/minders.io\\\/event\\\/destaques-amplitour-pt-3-en-espanol\\\/#breadcrumb\"},\"inLanguage\":\"pt-BR\",\"potentialAction\":[{\"@type\":\"ReadAction\",\"target\":[\"https:\\\/\\\/minders.io\\\/event\\\/destaques-amplitour-pt-3-en-espanol\\\/\"]}]},{\"@type\":\"ImageObject\",\"inLanguage\":\"pt-BR\",\"@id\":\"https:\\\/\\\/minders.io\\\/event\\\/destaques-amplitour-pt-3-en-espanol\\\/#primaryimage\",\"url\":\"https:\\\/\\\/minders.io\\\/wp-content\\\/uploads\\\/2025\\\/03\\\/6201812e318e6194f815eda5_AmpliTour-3-ESP.png\",\"contentUrl\":\"https:\\\/\\\/minders.io\\\/wp-content\\\/uploads\\\/2025\\\/03\\\/6201812e318e6194f815eda5_AmpliTour-3-ESP.png\",\"width\":2240,\"height\":1260},{\"@type\":\"BreadcrumbList\",\"@id\":\"https:\\\/\\\/minders.io\\\/event\\\/destaques-amplitour-pt-3-en-espanol\\\/#breadcrumb\",\"itemListElement\":[{\"@type\":\"ListItem\",\"position\":1,\"name\":\"Portada\",\"item\":\"https:\\\/\\\/minders.io\\\/\"},{\"@type\":\"ListItem\",\"position\":2,\"name\":\"Privado: Destaques AmpliTour PT. 3 en espa\u00f1ol\"}]},{\"@type\":\"WebSite\",\"@id\":\"https:\\\/\\\/minders.io\\\/#website\",\"url\":\"https:\\\/\\\/minders.io\\\/\",\"name\":\"Minders\",\"description\":\"\",\"potentialAction\":[{\"@type\":\"SearchAction\",\"target\":{\"@type\":\"EntryPoint\",\"urlTemplate\":\"https:\\\/\\\/minders.io\\\/?s={search_term_string}\"},\"query-input\":{\"@type\":\"PropertyValueSpecification\",\"valueRequired\":true,\"valueName\":\"search_term_string\"}}],\"inLanguage\":\"pt-BR\"}]}<\/script>\n<!-- \/ Yoast SEO Premium plugin. -->","yoast_head_json":{"title":"Destaques AmpliTour PT. 3 en espa\u00f1ol - Minders","robots":{"index":"index","follow":"follow","max-snippet":"max-snippet:-1","max-image-preview":"max-image-preview:large","max-video-preview":"max-video-preview:-1"},"canonical":"https:\/\/minders.io\/event\/destaques-amplitour-pt-3-en-espanol\/","og_locale":"pt_BR","og_type":"article","og_title":"Destaques AmpliTour PT. 3 en espa\u00f1ol","og_description":"Em 9 de dezembro, realizamos a terceira e \u00faltima entrega do AmpliTour, a s\u00e9rie de workshops interativos sobre crescimento orientado por produtos e Amplitude. &nbsp; Caso voc\u00ea n\u00e3o tenha podido participar, apresentamos os destaques do AmpliTour 1 e do AmpliTour 2 para que voc\u00ea veja o conte\u00fado e as grava\u00e7\u00f5es dos webinars. &nbsp; Nesta edi\u00e7\u00e3o, [&hellip;]","og_url":"https:\/\/minders.io\/event\/destaques-amplitour-pt-3-en-espanol\/","og_site_name":"Minders","og_image":[{"url":"https:\/\/minders.io\/wp-content\/uploads\/2025\/03\/620180f9471c654aa2ec2b34_Tuxeca91ubnqR-LGgNSBgEvLrdvqroODgfx1b7IZ04s5oJGVa-UVWKunO7PeG8rcDo_T6JHdwHiZ0BoxmP46Ux8i_irVthoUNibpok9X0zkxeWlp6O2mfwpYTiHfmmRogbc83Qs.jpeg","type":"","width":"","height":""}],"twitter_card":"summary_large_image","twitter_misc":{"Est. tempo de leitura":"2 minutos"},"schema":{"@context":"https:\/\/schema.org","@graph":[{"@type":"WebPage","@id":"https:\/\/minders.io\/event\/destaques-amplitour-pt-3-en-espanol\/","url":"https:\/\/minders.io\/event\/destaques-amplitour-pt-3-en-espanol\/","name":"Destaques AmpliTour PT. 3 en espa\u00f1ol - Minders","isPartOf":{"@id":"https:\/\/minders.io\/#website"},"primaryImageOfPage":{"@id":"https:\/\/minders.io\/event\/destaques-amplitour-pt-3-en-espanol\/#primaryimage"},"image":{"@id":"https:\/\/minders.io\/event\/destaques-amplitour-pt-3-en-espanol\/#primaryimage"},"thumbnailUrl":"https:\/\/minders.io\/wp-content\/uploads\/2025\/03\/6201812e318e6194f815eda5_AmpliTour-3-ESP.png","datePublished":"2024-06-13T17:20:30+00:00","breadcrumb":{"@id":"https:\/\/minders.io\/event\/destaques-amplitour-pt-3-en-espanol\/#breadcrumb"},"inLanguage":"pt-BR","potentialAction":[{"@type":"ReadAction","target":["https:\/\/minders.io\/event\/destaques-amplitour-pt-3-en-espanol\/"]}]},{"@type":"ImageObject","inLanguage":"pt-BR","@id":"https:\/\/minders.io\/event\/destaques-amplitour-pt-3-en-espanol\/#primaryimage","url":"https:\/\/minders.io\/wp-content\/uploads\/2025\/03\/6201812e318e6194f815eda5_AmpliTour-3-ESP.png","contentUrl":"https:\/\/minders.io\/wp-content\/uploads\/2025\/03\/6201812e318e6194f815eda5_AmpliTour-3-ESP.png","width":2240,"height":1260},{"@type":"BreadcrumbList","@id":"https:\/\/minders.io\/event\/destaques-amplitour-pt-3-en-espanol\/#breadcrumb","itemListElement":[{"@type":"ListItem","position":1,"name":"Portada","item":"https:\/\/minders.io\/"},{"@type":"ListItem","position":2,"name":"Privado: Destaques AmpliTour PT. 3 en espa\u00f1ol"}]},{"@type":"WebSite","@id":"https:\/\/minders.io\/#website","url":"https:\/\/minders.io\/","name":"Minders","description":"","potentialAction":[{"@type":"SearchAction","target":{"@type":"EntryPoint","urlTemplate":"https:\/\/minders.io\/?s={search_term_string}"},"query-input":{"@type":"PropertyValueSpecification","valueRequired":true,"valueName":"search_term_string"}}],"inLanguage":"pt-BR"}]}},"_links":{"self":[{"href":"https:\/\/minders.io\/pt-br\/wp-json\/wp\/v2\/event\/3683","targetHints":{"allow":["GET"]}}],"collection":[{"href":"https:\/\/minders.io\/pt-br\/wp-json\/wp\/v2\/event"}],"about":[{"href":"https:\/\/minders.io\/pt-br\/wp-json\/wp\/v2\/types\/event"}],"wp:featuredmedia":[{"embeddable":true,"href":"https:\/\/minders.io\/pt-br\/wp-json\/wp\/v2\/media\/2633"}],"wp:attachment":[{"href":"https:\/\/minders.io\/pt-br\/wp-json\/wp\/v2\/media?parent=3683"}],"wp:term":[{"taxonomy":"state","embeddable":true,"href":"https:\/\/minders.io\/pt-br\/wp-json\/wp\/v2\/state?post=3683"}],"curies":[{"name":"wp","href":"https:\/\/api.w.org\/{rel}","templated":true}]}}